{"version":"1.0","provider_name":"CANPA - Comunicaci\u00f3n Alimentaci\u00f3n Neonatal\/Pedi\u00e1trica Asesor\u00edas.","provider_url":"https:\/\/canpa.cl\/wp","author_name":"Comunicaciones CANPA","author_url":"https:\/\/canpa.cl\/wp\/author\/difusion\/","title":"EL APEGO Y LOS PRIMEROS A\u00d1OS DE VIDA - CANPA - Comunicaci\u00f3n Alimentaci\u00f3n Neonatal\/Pedi\u00e1trica Asesor\u00edas.","type":"rich","width":600,"height":338,"html":"<blockquote class=\"wp-embedded-content\" data-secret=\"P71B5OAidL\"><a href=\"https:\/\/canpa.cl\/wp\/elementor-1276\/\">EL APEGO Y LOS PRIMEROS A\u00d1OS DE VIDA<\/a><\/blockquote><iframe sandbox=\"allow-scripts\" security=\"restricted\" src=\"https:\/\/canpa.cl\/wp\/elementor-1276\/embed\/#?secret=P71B5OAidL\" width=\"600\" height=\"338\" title=\"&#8220;EL APEGO Y LOS PRIMEROS A\u00d1OS DE VIDA&#8221; &#8212; CANPA - Comunicaci\u00f3n Alimentaci\u00f3n Neonatal\/Pedi\u00e1trica Asesor\u00edas.\" data-secret=\"P71B5OAidL\" frameborder=\"0\" marginwidth=\"0\" marginheight=\"0\" scrolling=\"no\" class=\"wp-embedded-content\"><\/iframe><script>\n\/*! This file is auto-generated *\/\n!function(d,l){\"use strict\";l.querySelector&&d.addEventListener&&\"undefined\"!=typeof URL&&(d.wp=d.wp||{},d.wp.receiveEmbedMessage||(d.wp.receiveEmbedMessage=function(e){var t=e.data;if((t||t.secret||t.message||t.value)&&!\/[^a-zA-Z0-9]\/.test(t.secret)){for(var s,r,n,a=l.querySelectorAll('iframe[data-secret=\"'+t.secret+'\"]'),o=l.querySelectorAll('blockquote[data-secret=\"'+t.secret+'\"]'),c=new RegExp(\"^https?:$\",\"i\"),i=0;i<o.length;i++)o[i].style.display=\"none\";for(i=0;i<a.length;i++)s=a[i],e.source===s.contentWindow&&(s.removeAttribute(\"style\"),\"height\"===t.message?(1e3<(r=parseInt(t.value,10))?r=1e3:~~r<200&&(r=200),s.height=r):\"link\"===t.message&&(r=new URL(s.getAttribute(\"src\")),n=new URL(t.value),c.test(n.protocol))&&n.host===r.host&&l.activeElement===s&&(d.top.location.href=t.value))}},d.addEventListener(\"message\",d.wp.receiveEmbedMessage,!1),l.addEventListener(\"DOMContentLoaded\",function(){for(var e,t,s=l.querySelectorAll(\"iframe.wp-embedded-content\"),r=0;r<s.length;r++)(t=(e=s[r]).getAttribute(\"data-secret\"))||(t=Math.random().toString(36).substring(2,12),e.src+=\"#?secret=\"+t,e.setAttribute(\"data-secret\",t)),e.contentWindow.postMessage({message:\"ready\",secret:t},\"*\")},!1)))}(window,document);\n\/\/# sourceURL=https:\/\/canpa.cl\/wp\/wp-includes\/js\/wp-embed.min.js\n<\/script>\n","thumbnail_url":"https:\/\/canpa.cl\/wp\/wp-content\/uploads\/2022\/06\/apgo.jpg","thumbnail_width":311,"thumbnail_height":162,"description":"Escrito por Fonoaudi\u00f3loga Daniela Guzm\u00e1n Baquedano &#8211;&nbsp;Docente Universidad de Valpara\u00edso, Chile \u201cDos margaritas creaban espacio permanente en cada sonrisa, su cabello cubierto se \u201cchochitos\u201d, piel color&nbsp;aceituna y definitivamente el amarillo su color preferido. La vi acurrucada a las piernas de pap\u00e1; entre sonrisas&nbsp;picaras y luego miradas traviesa, no hab\u00eda caso que se despegaran, \u00e9l la [&hellip;]"}